{"id":33,"date":"2021-03-30T13:57:31","date_gmt":"2021-03-30T11:57:31","guid":{"rendered":"https:\/\/reemyassouf.com\/?page_id=33"},"modified":"2025-06-25T17:15:28","modified_gmt":"2025-06-25T15:15:28","slug":"biography","status":"publish","type":"page","link":"https:\/\/reemyassouf.com\/","title":{"rendered":"BIOGRAPHY"},"content":{"rendered":"\t\t<div data-elementor-type=\"wp-page\" data-elementor-id=\"33\" class=\"elementor elementor-33\" data-elementor-settings=\"[]\">\n\t\t\t\t\t\t\t<div class=\"elementor-section-wrap\">\n\t\t\t\t\t\t\t<section class=\"elementor-section elementor-top-section elementor-element elementor-element-529eff5 elementor-section-boxed elementor-section-height-default elementor-section-height-default\" data-id=\"529eff5\" data-element_type=\"section\">\n\t\t\t\t\t\t<div class=\"elementor-container elementor-column-gap-default\">\n\t\t\t\t\t<div class=\"elementor-column elementor-col-100 elementor-top-column elementor-element elementor-element-a182563\" data-id=\"a182563\" data-element_type=\"column\">\n\t\t\t<div class=\"elementor-widget-wrap elementor-element-populated\">\n\t\t\t\t\t\t\t\t<div class=\"elementor-element elementor-element-b90a694 elementor-widget elementor-widget-image\" data-id=\"b90a694\" data-element_type=\"widget\" data-widget_type=\"image.default\">\n\t\t\t\t<div class=\"elementor-widget-container\">\n\t\t\t\t\t\t\t\t\t\t\t\t\t\t\t<img width=\"2000\" height=\"1334\" src=\"https:\/\/reemyassouf.com\/wp-content\/uploads\/2021\/03\/unnamed-file.jpg\" class=\"attachment-full size-full\" alt=\"\" loading=\"lazy\" srcset=\"https:\/\/reemyassouf.com\/wp-content\/uploads\/2021\/03\/unnamed-file.jpg 2000w, https:\/\/reemyassouf.com\/wp-content\/uploads\/2021\/03\/unnamed-file-300x200.jpg 300w, https:\/\/reemyassouf.com\/wp-content\/uploads\/2021\/03\/unnamed-file-1024x683.jpg 1024w, https:\/\/reemyassouf.com\/wp-content\/uploads\/2021\/03\/unnamed-file-768x512.jpg 768w, https:\/\/reemyassouf.com\/wp-content\/uploads\/2021\/03\/unnamed-file-1536x1025.jpg 1536w\" sizes=\"(max-width: 2000px) 100vw, 2000px\" \/>\t\t\t\t\t\t\t\t\t\t\t\t\t\t\t<\/div>\n\t\t\t\t<\/div>\n\t\t\t\t\t<\/div>\n\t\t<\/div>\n\t\t\t\t\t\t\t<\/div>\n\t\t<\/section>\n\t\t\t\t<section class=\"elementor-section elementor-top-section elementor-element elementor-element-41dc391 elementor-section-boxed elementor-section-height-default elementor-section-height-default\" data-id=\"41dc391\" data-element_type=\"section\">\n\t\t\t\t\t\t<div class=\"elementor-container elementor-column-gap-default\">\n\t\t\t\t\t<div class=\"elementor-column elementor-col-100 elementor-top-column elementor-element elementor-element-ad5875a\" data-id=\"ad5875a\" data-element_type=\"column\">\n\t\t\t<div class=\"elementor-widget-wrap elementor-element-populated\">\n\t\t\t\t\t\t\t\t<div class=\"elementor-element elementor-element-15be3e9 elementor-tabs-view-horizontal elementor-widget elementor-widget-tabs\" data-id=\"15be3e9\" data-element_type=\"widget\" data-widget_type=\"tabs.default\">\n\t\t\t\t<div class=\"elementor-widget-container\">\n\t\t\t\t\t<div class=\"elementor-tabs\">\n\t\t\t<div class=\"elementor-tabs-wrapper\" role=\"tablist\" >\n\t\t\t\t\t\t\t\t\t<div id=\"elementor-tab-title-2271\" class=\"elementor-tab-title elementor-tab-desktop-title\" aria-selected=\"true\" data-tab=\"1\" role=\"tab\" tabindex=\"0\" aria-controls=\"elementor-tab-content-2271\" aria-expanded=\"false\">EN<\/div>\n\t\t\t\t\t\t\t\t\t<div id=\"elementor-tab-title-2272\" class=\"elementor-tab-title elementor-tab-desktop-title\" aria-selected=\"false\" data-tab=\"2\" role=\"tab\" tabindex=\"-1\" aria-controls=\"elementor-tab-content-2272\" aria-expanded=\"false\">FR<\/div>\n\t\t\t\t\t\t\t<\/div>\n\t\t\t<div class=\"elementor-tabs-content-wrapper\" role=\"tablist\" aria-orientation=\"vertical\">\n\t\t\t\t\t\t\t\t\t<div class=\"elementor-tab-title elementor-tab-mobile-title\" aria-selected=\"true\" data-tab=\"1\" role=\"tab\" tabindex=\"0\" aria-controls=\"elementor-tab-content-2271\" aria-expanded=\"false\">EN<\/div>\n\t\t\t\t\t<div id=\"elementor-tab-content-2271\" class=\"elementor-tab-content elementor-clearfix\" data-tab=\"1\" role=\"tabpanel\" aria-labelledby=\"elementor-tab-title-2271\" tabindex=\"0\" hidden=\"false\"><p data-start=\"108\" data-end=\"473\"><strong data-start=\"108\" data-end=\"124\">Reem Yassouf<\/strong> is a multidisciplinary visual artist. She holds a degree in Fine Arts from the University of Damascus in Syria and worked as a jewelry designer until 2010. She left Syria in 2012 due to the war and has been living in France since 2015.<br data-start=\"360\" data-end=\"363\" \/>She later obtained a Master\u2019s degree from ESADHaR (\u00c9cole Sup\u00e9rieure d\u2019Art et Design Le Havre-Rouen) in France.<\/p><p data-start=\"475\" data-end=\"882\">Her artistic journey is shaped by a personal history marked by the crossing of cultures and borders, which deeply influences her practice. Her work explores both personal and collective questions, particularly the transformation of memory between past and present. These themes are an integral part of life as we experience it today, deeply embedded in our daily reality \u2014 human, social, and even political.<\/p><p data-start=\"884\" data-end=\"1450\">Her work oscillates between absence and presence, in temporal and geographical contexts that are constantly shifting. She explores the relationship between the body, material, and space.<br data-start=\"1070\" data-end=\"1073\" \/>Over time, she has developed a cross-disciplinary approach that includes painting, installation, drawing, sculpture, performance, and other mixed techniques. Her work examines the interaction between materials, gestures, and creative contexts. She often uses raw or organic materials, chosen for their connection to collective or personal memory, sometimes related to the body.<\/p><p data-start=\"1452\" data-end=\"2054\">The transformation of matter, light, and transparency become vectors for reflection on instability, transitional spaces, and the visible and invisible boundaries between people and places.<br data-start=\"1640\" data-end=\"1643\" \/>Her works shift between presence and absence, between what remains and what disappears. They question the links between past and present, silence and voice, loss and transformation. Through her projects, she addresses the tensions experienced by displaced bodies, emotional archives, and fragmented memories. She envisions the body as a territory in transformation, shaped by personal and collective narratives.<\/p><p data-start=\"2056\" data-end=\"2407\">She has participated in numerous workshops, residencies, and cultural events across Europe and the Middle East. She has also contributed to the organization of artistic projects, notably as one of the co-founders of the independent art festival <strong data-start=\"2301\" data-end=\"2318\">Khan Al Fnoun<\/strong> (2014\u20132016) in Jordan, conceived as an alternative space for creation and collaboration.<\/p><p data-start=\"2409\" data-end=\"2640\">Her work has been featured in various cultural publications, including books, research papers, and poetry. Notably, she collaborated with UNESCO for the cover of the Summer Book in partnership with the University of Oxford in 2014.<\/p><p data-start=\"2642\" data-end=\"3211\">Her artworks have been exhibited at the <strong data-start=\"2682\" data-end=\"2709\">Institut du Monde Arabe<\/strong> in Paris, <strong data-start=\"2720\" data-end=\"2755\">La Cit\u00e9 Internationale des Arts<\/strong> in Paris, the <strong data-start=\"2770\" data-end=\"2789\">Maison des Arts<\/strong> in Malakoff-Paris, <strong data-start=\"2809\" data-end=\"2824\">Palais I\u00e9na<\/strong> in Paris, <strong data-start=\"2835\" data-end=\"2859\">15Art &amp; 15Art London<\/strong>, the contemporary art center <strong data-start=\"2889\" data-end=\"2903\">Hangar 107<\/strong> in Rouen, <strong data-start=\"2914\" data-end=\"2929\">Le Portique<\/strong> in Le Havre, and <strong data-start=\"2947\" data-end=\"2959\">Le Radar<\/strong> in Bayeux.<br data-start=\"2970\" data-end=\"2973\" \/>Her work has also been featured and collected by <strong data-start=\"3022\" data-end=\"3032\" data-is-only-node=\"\">UNESCO<\/strong>, the <strong data-start=\"3038\" data-end=\"3052\">World Bank<\/strong> in Washington DC, <strong data-start=\"3071\" data-end=\"3094\">Cultural Narratives<\/strong>, the <strong data-start=\"3100\" data-end=\"3150\">French Ministry for Europe and Foreign Affairs<\/strong>, the <strong data-start=\"3156\" data-end=\"3177\">Atassi Foundation<\/strong>, and several private collections.<\/p><p><span style=\"text-decoration: underline;\"><b>Solo exhibitions<\/b><\/span><\/p><p><b>2022<\/b> \u201cTraverser\u201d 27 Concept gallery, Paris, France<\/p><p><b>2018<\/b> \u201cDance For\u201d with Art On 56th gallery, Beirut , Lebanon.<\/p><p>-Inconnus with La Passerelle gallery, Rouen , France.<\/p><p><b>2017<\/b> \u201c\u00c9tat de si\u00e8ge\u201d with Europia gallery, Paris, France.<\/p><p><b>2016<\/b> \u201cBedtime Story\u201d exhibition with gallery Orient , Amman , Jordan .<\/p><p><b>2014<\/b> \u201cBrises Froides\u201d with Europia gallery, Paris, France.<\/p><p>-\u201dChild\u2019s Message\u201d with Art On 56th gallery, Beirut, Lebanon<\/p><p><b>2013<\/b> \u201cDialogue\u201d with Zara gallery, Amman, Jordan<\/p><p><span style=\"text-decoration: underline;\"><b>Art Fair<\/b><\/span><\/p><p><b>2023\/2022 <\/b>Menart Fair, Paris, France<\/p><p><b>2020 <\/b>Egypt International Art Fair, Cairo, Egypt.<\/p><p><b>2015 \\ 2014 <\/b>Art 15\/ Art 14 London, with Art on 56th Galerie, London, UK.<\/p><p><b>2013<\/b> Beirut Art Fair, 4th edition with Art on 56th Galerie, Beirut, Lebanon.<\/p><p><b>2012<\/b> Beirut Art Fair, 4th edition with Art on 56th Galerie, Beirut, Lebanon.<\/p><p><span style=\"text-decoration: underline;\"><b>Festivals<\/b><\/span><\/p><p><b>2023<\/b> -Festival Courant D&#8217;Art, Rouen, France<\/p><p><b>2021<\/b> -Festival Chants D&#8217;Elles, Rouen, France<\/p><p><b>2019<\/b> -Journ\u00e9es d&#8217;Art Contemporain De Carthage, Tunisia<\/p><p><b>2014-2016<\/b> -Festival Khan Al-Funoun &#8211; Jordan (as founder of the festival) .<\/p><p><b>2013<\/b> -Jordan International Festival &#8211; Jordan .<\/p><p><b>2011<\/b> -Fingers and colors workshop &#8211; group of 50 children in orphanages &#8211; Syria<\/p><p>-Festival of women in at-risk communities &#8211; Exhibition in the Babel theater gallery &#8211; Lebanon .<\/p><p><b>2010<\/b> -Post-interstitial cement sculpture workshop, French Cultural Center in Damascus &#8211; Syria<\/p><p>-Al Sendyan Festival of Poetry and Art &#8211; Syria .<\/p><p>-Al Fwanis Festival &#8211; Jordan .<\/p><p><b>2009<\/b> -Al Sendyan poetry and art festival &#8211; Syria .<\/p><p><b>2004<\/b> -Festival Beauty World Meridian Hotel &#8211; Syria .<\/p><p><b>2003-2002<\/b> -Silk Road Festival &#8211; Syria .<\/p><p><span style=\"text-decoration: underline;\"><b>Group Exhibitions<\/b><\/span><\/p><p><b>2023<\/b> &#8211; &#8220;Elshware&#8221; at Al Markhiya Gallery, Qatar<\/p><p>-\u201dQuand L&#8217;Inconcevable Prend Forme\u201d at the City internationale of arts with Portes Ouvertes Sur L&#8217;art, Paris, France.<\/p><p>-\u201dR\u00e9flexions Faites&#8221; two-artist exhibition at the Abbatiale Saint-Ouen in Rouen, organized by the association Art et Culture, France<\/p><p><b>2022<\/b> &#8211; &#8220;De Visu&#8221; Abbaye Jumi\u00e8ges, Normandy, France.<\/p><p>-\u201dGroupe Summer&#8221; 27 Concept gallery, Paris, France<\/p><p><b>2021<\/b> &#8211; &#8220;Welcome Home&#8221; at La Maison de L&#8217;universit\u00e9, Rouen, France<\/p><p>&#8211; &#8220;Syart 3&#8221; exhibition Kunst &amp; Kulur gallery, Norway<\/p><p><b>2020<\/b> &#8211; &#8220;Syart 1&#8221; exhibition with Nord-Norge gallery, Harstad, Norway<\/p><p><b>2019<\/b> &#8211; &#8220;Alep Machine&#8221; at Le Radar gallery, with Prix Bayeux Calvados-Normandie, Bayeux, France.<\/p><p>&#8211; &#8220;Personal revolutions&#8221; with the Atassi Foundation, Dubai<\/p><p>-\u201dUn \u0153il ouvert sur le monde arabe&#8221; at the Institut du monde arabe with L&#8217;IMA, Paris, France.<\/p><p>-Group exhibition with the Qatar Fine Arts Association in Katara, Qatar<\/p><p>-\u201dMan-Made Disaster&#8221; in protein studios curated by environmental non-profit Do the green thing, an international group of women and non-binary artists respond to the research, and raise awareness of the damage that the patriarchy does to us and to our planet, London<\/p><p>-\u201dWhere is my friend&#8217;s house?\u201d Exhibition at Maison Des Arts Centre Contemporain in Malakoff, Paris, France<\/p><p>-\u201dPortes Ouvertes&#8221; with the Premier Regard gallery, Paris, France<\/p><p><b>2018<\/b> &#8211; &#8220;Salon De Rouen&#8221; for artists from Normandy, H\u00f4tel De Ville, Rouen, France<\/p><p>&#8211; &#8220;Portes Ouvertes&#8221; Sur L&#8217;art Syrien organized by the association Portes ouvertes sur l&#8217;art, Paris, France<\/p><p>-\u201dAbolition of Article 153&#8243; with Galerie Hup, Kuwait.<\/p><p>-\u201dTribute to Marcel Duchamp&#8221; at Rouen town hall, France.<\/p><p>-\u201dCreative Energy For Peace&#8221; with the United Nations, New York.<\/p><p>&#8211; &#8220;Perspectives of Contemporary Arab Women Artists&#8221; with Al Markhiya Gallery in Art 29 at Hotel W, Qatar.<\/p><p><b>2017<\/b> &#8211; &#8220;Artists Contributing To Syria&#8217;s Future&#8221; an auction to support Syrian educational aspirations, Toronto, Canada.<\/p><p>-\u201dCollective&#8221; at Derri\u00e8re La Porte organized by Nutriset Group, France.<\/p><p><b>2016 <\/b>&#8211; &#8220;Salon de Rouen&#8221; for artists from Normandy, Rouen, France .<\/p><p>-\u201dColors&#8221; with UNESCO, Andorra and Paris.<\/p><p>-\u201dUntitled&#8221; for Rafia Gallery, Dubai.<\/p><p>-\u201dVoices&#8221; at Al Markhiya Gallery, Qatar.<\/p><p>-\u201dSyria In The Heart&#8221; at Galerie Nufe, Nancy, France<\/p><p>-\u201dShared Ego&#8221; at Galerie Europia, Paris, France<\/p><p><b>2015<\/b> &#8211; &#8220;Syrian off Frame&#8221;, Rome, Italy<\/p><p>-\u201dCollective&#8221; Re gallery , Netherlands<\/p><p>&#8211; &#8220;Artist Contributing To Syria&#8217;s Future&#8221; Auction to support Syrian educational aspirations &#8211; with Jusoor &#8211; USA<\/p><p>-\u201dMy Voice Rings Out For Syria&#8221; at Box.Freiraum gallery , Berlin , Germany<\/p><p>-\u201dLa Quinzaine Syrienne&#8221; at Galerie de photos , Bourges , France<\/p><p><b>2014<\/b> &#8211; &#8220;Syrian art sponsored&#8221; by the World Bank (Spring Meetings 2014), Washington DC, USA<\/p><p><b>2013<\/b> &#8211; &#8220;Summer collective&#8221; with Art on 56th Galerie, Beirut Lebanon<\/p><p><b>2012<\/b> &#8211; &#8220;Art book&#8221; at Conference Place, Aqaba, Jordan<\/p><p>-\u201dyoung artists&#8221; at Kozah Galerie, Syria.<\/p><p>-\u201dCollective at Zara Galerie, Amman, Jordan<\/p><p>-\u201dCollective for Syrian artists, Orient Gallery, Jordan<\/p><p>-\u201dCollective, Les Plumes Gallery, Lebanon<\/p><p>-\u201dAre united in art&#8221; at Maison de l&#8217;Op\u00e9ra, Damascus, Syria<\/p><p><b>2010<\/b> &#8211; &#8220;Cement sculpture&#8221; at the French Cultural Center in Damascus, Syria<\/p><p><b>2009-2008<\/b> &#8211; &#8220;Cement sculpture&#8221; post interstitial at the French Cultural Center in Damascus, Syria<\/p><p><b>2005<\/b> &#8211; &#8220;Fair visions Women&#8221; Khan Assad Pacha archaeological sponsored by the American Cultural Center, Damascus, Syria<\/p><p><b>2003<\/b> &#8211; &#8220;Arabs and the world&#8221;, Damascus, Syria<\/p><p>-\u201dArtists around the world&#8221;, Aleppo, Syria<\/p><p><b>2002<\/b> &#8211; &#8220;Youth&#8221; Damascus, Syria<\/p><p>-\u201dSpring art&#8221; Bet Nezam former home and gallery sponsored by Shell Oil, Syria<\/p><p><span style=\"text-decoration: underline;\"><b>Residencies and workshops<\/b><\/span><\/p><p><b>2023-2022-2019-2018-2017<\/b> -Residency at labo Victor Hugo , Rouen , France.<\/p><p><b>2019<\/b> -Residency and exhibition with Association Al Maken, Karkhaneh Island, Tunis<\/p><p>-Residency with Willa Decjusza, Krakow, Poland<\/p><p>-Residency with the Qatar Fine Arts Association, Katara, Qatar<\/p><p><b>2017<\/b> -Two week printmaking internship at Beaux Arts, Rouen, France<\/p><p><b>2016<\/b> &#8211; with UNESCO, Andorra .<\/p><p><b>2014 <\/b>&#8211; Art Residence Aley &#8211; Lebanon .<\/p><p><b>2011<\/b> -World Refugee Day under the auspices of the European Commission &#8211; Syria .<\/p><p>-Fingers and colors, Al-Azem Palace &#8211; Syria .<\/p><p><b>2010-2009-2008<\/b> &#8211; work n art &#8211; Damascus &#8211; Syria<\/p><p><b>2004-2003<\/b> -Sombooziom Art Ehden &#8211; Lebanon.<\/p><p><span style=\"text-decoration: underline;\"><b>Design jewelry<\/b><\/span><\/p><p>Awards from the World Gold Council in Dubai for jewelry design in :<\/p><p><b>2008-2006<\/b> Second world prize.<\/p><p><b>2004<\/b> From 30 winners among 7000 worldwide.<\/p><\/div>\n\t\t\t\t\t\t\t\t\t<div class=\"elementor-tab-title elementor-tab-mobile-title\" aria-selected=\"false\" data-tab=\"2\" role=\"tab\" tabindex=\"-1\" aria-controls=\"elementor-tab-content-2272\" aria-expanded=\"false\">FR<\/div>\n\t\t\t\t\t<div id=\"elementor-tab-content-2272\" class=\"elementor-tab-content elementor-clearfix\" data-tab=\"2\" role=\"tabpanel\" aria-labelledby=\"elementor-tab-title-2272\" tabindex=\"0\" hidden=\"hidden\"><p><strong>Reem Yassouf<\/strong> est une artiste plasticienne pluridisciplinaire. Dipl\u00f4m\u00e9e en arts plastiques de l\u2019Universit\u00e9 de Damas en Syrie, elle a travaill\u00e9 comme cr\u00e9atrice de bijoux jusqu\u2019en 2010. Elle a quitt\u00e9 la Syrie en 2012 \u00e0 la suite de la guerre, et vit en France depuis 2015.<br \/>Elle a ensuite obtenu un master \u00e0 l\u2019ESADHaR (\u00c9cole Sup\u00e9rieure d\u2019Art et Design Le Havre-Rouen) en France.<\/p><p>Son parcours artistique est fa\u00e7onn\u00e9 par une histoire personnelle marqu\u00e9e par la travers\u00e9e de diff\u00e9rentes cultures et fronti\u00e8res, influen\u00e7ant profond\u00e9ment sa pratique. Son travail explore des questions personnelles et collectives, li\u00e9es aux transformations de la m\u00e9moire entre pass\u00e9 et pr\u00e9sent. Ces th\u00e8mes font partie int\u00e9grante de la vie telle que nous la vivons aujourd\u2019hui, profond\u00e9ment ancr\u00e9s dans notre quotidien, tant sur le plan humain que social, voire politique.<\/p><p>Son \u0153uvre oscille entre absence et pr\u00e9sence, dans des contextes temporels et g\u00e9ographiques en perp\u00e9tuel changement, explorant la relation entre le corps, la mati\u00e8re et l\u2019espace.<br \/>Elle a progressivement d\u00e9velopp\u00e9 une approche transversale qui int\u00e8gre la peinture, l\u2019installation, le dessin, la sculpture, la performance et d\u2019autres techniques mixtes. Son travail explore la relation entre les mati\u00e8res, les gestes et les contextes de cr\u00e9ation : elle utilise souvent des mat\u00e9riaux bruts ou organiques, choisis pour leur lien avec une m\u00e9moire collective ou personnelle, parfois en rapport avec le corps.<\/p><p>Le changement de la mati\u00e8re, la lumi\u00e8re, la transparence deviennent des vecteurs d\u2019une r\u00e9flexion sur l\u2019instabilit\u00e9, les espaces de transition, les fronti\u00e8res visibles et invisibles entre les \u00eatres et les lieux.<br \/>Ses \u0153uvres oscillent entre absence et pr\u00e9sence, entre ce qui reste et ce qui dispara\u00eet. Elles interrogent les liens entre pass\u00e9 et pr\u00e9sent, silence et voix, perte et transformation. \u00c0 travers ses projets, elle aborde les tensions v\u00e9cues par les corps d\u00e9plac\u00e9s, les archives affectives, les souvenirs fragment\u00e9s. Elle envisage le corps comme un territoire en mutation, travers\u00e9 par les r\u00e9cits personnels et collectifs.<\/p><p>Elle a particip\u00e9 \u00e0 de nombreux ateliers, r\u00e9sidences et \u00e9v\u00e9nements culturels, tant en Europe qu\u2019au Moyen-Orient. Elle a \u00e9galement contribu\u00e9 \u00e0 l\u2019organisation de projets artistiques, notamment en tant que cofondatrice du festival artistique ind\u00e9pendant Khan Al Fnoun (2014\u20132016) en Jordanie, con\u00e7u comme un espace alternatif de cr\u00e9ation et de collaboration.<\/p><p>Son travail a \u00e9t\u00e9 pr\u00e9sent\u00e9 dans diverses publications culturelles, comme des livres et des recherches, des po\u00e9sie, notamment avec l\u2019UNESCO pour la couverture du livre d\u2019\u00e9t\u00e9 avec l\u2019Universit\u00e9 d\u2019Oxford en 2014.<\/p><p>Ses \u0153uvres ont \u00e9t\u00e9 present\u00e9es \u00e0 l\u2019<strong>Institut du Monde Arabe<\/strong> \u00e0 Paris, <strong>La Cit\u00e9 Internationale Des Arts<\/strong> \u00e0 Paris, le centre de l&#8217;art contemporan <strong>La Maisone Des Arts \u00e0 Malakoff-Paris<\/strong>, Palais <strong>IENA-Paris<\/strong>, <strong>15Art &amp; 15Art London<\/strong>, Le centre contemporain <strong>Hangar 107<\/strong> \u00e0 Rouen-France, Le centre contemporain <strong>Le Portique <\/strong>au Havre, <strong>Le Radar<\/strong> \u00e0 Bayeux-France, notamment font partie de collections et present\u00e9es par l\u2019<strong>UNESCO<\/strong>, <strong>la Banque mondiale <\/strong>\u00e0 Washington DC, <strong>Cultural Narratives<\/strong>, <strong>le Minist\u00e8re de l&#8217;Europe et des Affaires \u00c9trang\u00e8res<\/strong> \u00e0 Paris, la <strong>Atassi Foundation<\/strong>, ainsi que dans des collections priv\u00e9es.<\/p><p><span style=\"text-decoration: underline; color: #333333;\"><b>Expositions individuelles<\/b><\/span><\/p><p><span style=\"color: #808080;\"><b>2022 <\/b>Traverser, Galerie 27 Concept, Paris, France\u00a0<\/span><\/p><p><span style=\"color: #808080;\"><b>2018<\/b> Dance For, avec la galerie Art On 56th, Beyrouth , Liban.<\/span><\/p><p><span style=\"color: #808080;\">-Inconnus avec la galerie La Passerelle, Rouen , France.<\/span><\/p><p><span style=\"color: #808080;\"><b>2017<\/b> \u00c9tat de si\u00e8ge avec la galerie Europia, Paris, France.<\/span><\/p><p><span style=\"color: #808080;\"><b>2016<\/b> Exposition Bedtime Story avec la galerie Orient , Amman , Jordanie .<\/span><\/p><p><span style=\"color: #808080;\"><b>2014<\/b> Brises Froides avec la galerie Europia, Paris, France<\/span><\/p><p><span style=\"color: #808080;\">-Message d&#8217;enfant avec la galerie Art On 56th, Beyrouth, Liban<\/span><\/p><p><span style=\"color: #808080;\"><b>2013<\/b> Dialogue avec la galerie Zara, Amman, Jordanie<\/span><\/p><p><span style=\"text-decoration: underline; color: #333333;\"><b>Foire<\/b><\/span><\/p><p><span style=\"color: #808080;\"><b>2023\/2022 <\/b>Menart Fair, Paris, France\u00a0<\/span><\/p><p><span style=\"color: #808080;\"><b>2020<\/b> Egypt International Art Fair, Caire Egypte.<\/span><\/p><p><span style=\"color: #808080;\"><b>2015 \\ 2014<\/b> Art 15\/Art 14 Londres, avec Art on 56th Galerie, Londres, UK.<\/span><\/p><p><span style=\"color: #808080;\"><b>2013 <\/b>Beirut Art Fair, 4e \u00e9dition avec Art on 56th Galerie, Beyrouth, Liban.<\/span><\/p><p><span style=\"color: #808080;\"><b>2012 <\/b>Beirut Art Fair, 4e \u00e9dition avec Art on 56th galerie, Beyrouth, Liban.<\/span><\/p><p><span style=\"text-decoration: underline; color: #333333;\"><b>Festivals<\/b><\/span><\/p><p><span style=\"color: #808080;\"><b>2023 <\/b>-Festival Courant D\u2019Art, Rouen, France<\/span><\/p><p><span style=\"color: #808080;\"><b>2021<\/b>\u00a0 -Festival Chants D\u2019Elles, Rouen, France<\/span><\/p><p><span style=\"color: #808080;\"><b>2019\u00a0 <\/b>-Journ\u00e9es d\u2019Art Contemporain De Carthage, Tunisie<\/span><\/p><p><span style=\"color: #808080;\"><b>2014-2016<\/b> -Festival Khan Al-Funoun &#8211; Jordanie (en tant que fondatrice du festival) .<\/span><\/p><p><span style=\"color: #808080;\"><b>2013<\/b>\u00a0 -Festival Jordan international &#8211; Jordanie .<\/span><\/p><p><span style=\"color: #808080;\"><b>2011<\/b> \u00a0 -Atelier Doigts et couleurs &#8211; groupe de 50 enfants dans des orphelinats &#8211; Syrie .<\/span><\/p><p><span style=\"color: #808080;\">\u00a0\u00a0\u00a0\u00a0\u00a0\u00a0\u00a0\u00a0\u00a0\u00a0\u00a0-Festival des femmes dans les communaut\u00e9s \u00e0 risque &#8211; Exposition dans la galerie th\u00e9\u00e2tre Babel &#8211; Liban .<\/span><\/p><p><span style=\"color: #808080;\"><b>2010<\/b>\u00a0 -Atelier de sculpture en ciment post interstitiel, Centre culturel fran\u00e7ais \u00e0 Damas &#8211; Syrie<\/span><\/p><p><span style=\"color: #808080;\">\u00a0\u00a0\u00a0\u00a0\u00a0\u00a0\u00a0\u00a0\u00a0\u00a0\u00a0-Festival Al Sendyan de po\u00e9sie et d&#8217;art &#8211; Syrie .<\/span><\/p><p><span style=\"color: #808080;\">\u00a0\u00a0\u00a0\u00a0\u00a0\u00a0\u00a0\u00a0\u00a0\u00a0\u00a0-Festival Al Fwanis &#8211; Jordanie .<\/span><\/p><p><span style=\"color: #808080;\"><b>2009<\/b>\u00a0 -Festival Al Sendyan de po\u00e9sie et d&#8217;art &#8211; Syrie .<\/span><\/p><p><span style=\"color: #808080;\"><b>2004<\/b>\u00a0 -Festival Beauty World Meridian Hotel &#8211; Syrie .<\/span><\/p><p><span style=\"color: #808080;\"><b>2003-2002<\/b>\u00a0 -Festival de la route de la soie &#8211; Syrie .<\/span><\/p><p><span style=\"text-decoration: underline; color: #333333;\"><b>Groupe Expositions<\/b><\/span><\/p><p><span style=\"color: #808080;\"><b>2023 <\/b>-\u201dElshware\u201d \u00e0 la galerie Al Markhiya, Qatar<\/span><\/p><p><span style=\"color: #808080;\">\u00a0\u00a0\u00a0\u00a0\u00a0\u00a0\u00a0\u00a0\u00a0\u00a0-Quand L&#8217;Inconcevable Prend Forme, \u00e0 la Cit\u00e9 internationale des arts avec Portes Ouvertes Sur L\u2019art, Paris, France.<\/span><\/p><p><span style=\"color: #808080;\">\u00a0\u00a0\u00a0\u00a0\u00a0\u00a0-\u201dR\u00e9flexions Faites\u201d exposition deux artistes \u00e0 l&#8217;Abbatiale Saint-Ouen \u00e0 Rouen, organis\u00e9e par l&#8217;association Art et Culture, France\u00a0\u00a0<\/span><\/p><p><span style=\"color: #808080;\"><b>2022<\/b> -\u201dDe Visu\u201d Abbaye Jumi\u00e8ges, Normandie, France.\u00a0<\/span><\/p><p><span style=\"color: #808080;\">\u00a0\u00a0\u00a0\u00a0\u00a0\u00a0\u00a0\u00a0\u00a0\u00a0-\u201dGroupe Summer\u201d Galerie 27 Concept, Paris, France\u00a0<\/span><\/p><p><span style=\"color: #808080;\"><b>2021<\/b>\u00a0 -\u201dWelcome Home\u201d \u00e0 La Maison de L&#8217;universit\u00e9, Rouen\u00a0<\/span><\/p><p><span style=\"color: #808080;\">\u00a0\u00a0\u00a0\u00a0\u00a0\u00a0\u00a0\u00a0\u00a0\u00a0-\u201dSyart 3\u201d exposition Kunst &amp; Kulur galerie, Norv\u00e8ge<\/span><\/p><p><span style=\"color: #808080;\"><b>2020<\/b> -\u201dSyart 1\u201d exposition avec Nord-Norge galerie, Harstad, Norv\u00e8ge\u00a0<\/span><\/p><p><span style=\"color: #808080;\"><b>2019<\/b>\u00a0 -\u201dAlep Machine\u201d \u00e0 la galerie Le Radar, avec le Prix Bayeux Calvados-Normandie, Bayeux, France.<\/span><\/p><p><span style=\"color: #808080;\">\u00a0\u00a0\u00a0\u00a0\u00a0\u00a0\u00a0\u00a0\u00a0\u00a0-\u201dR\u00e9volutions personnelles\u201d de 2019 avec la Fondation Atassi, Duba\u00ef<\/span><\/p><p><span style=\"color: #808080;\">\u00a0\u00a0\u00a0\u00a0\u00a0\u00a0\u00a0\u00a0\u00a0\u00a0-\u201dUn \u0153il ouvert sur le monde arabe\u201d \u00e0 l&#8217;Institut du monde arabe avec L\u2019IMA, Paris, France<\/span><\/p><p><span style=\"color: #808080;\">\u00a0\u00a0\u00a0\u00a0\u00a0\u00a0\u00a0\u00a0\u00a0\u00a0-Exposition de groupe avec l&#8217;Association des Beaux-Arts du Qatar \u00e0 Katara, Qatar<\/span><\/p><p><span style=\"color: #808080;\">\u00a0\u00a0\u00a0\u00a0\u00a0\u00a0\u00a0-\u201dMan-Made Disaster\u201d in protein studios curated by environmental non-profit Do the green thing, an international\u00a0 \u00a0 group of women and non-binary artists respond to the research, and raise awareness of the damage that the patriarchy does to us and to our planet, London<\/span><\/p><p><span style=\"color: #808080;\">\u00a0\u00a0\u00a0\u00a0\u00a0\u00a0\u00a0\u00a0\u00a0\u00a0-\u201dO\u00f9 est la maison de mon ami ?\u201d Exposition \u00e0 la Maison Des Arts Centre Contemporain \u00e0 Malakoff, Paris, France<\/span><\/p><p><span style=\"color: #808080;\">\u00a0\u00a0\u00a0\u00a0\u00a0\u00a0\u00a0\u00a0\u00a0\u00a0-\u201dPortes Ouvertes\u201d avec la galerie Premier Regard, Paris, France<\/span><\/p><p><span style=\"color: #808080;\"><b>2018<\/b>\u00a0 -\u201dSalon De Rouen\u201d pour les artistes normands, H\u00f4tel De Ville, Rouen, France<\/span><\/p><p><span style=\"color: #808080;\">\u00a0\u00a0\u00a0\u00a0\u00a0\u00a0\u00a0\u00a0\u00a0\u00a0-\u201dPortes Ouvertes\u201d Sur L&#8217;art Syrien organisation par l\u2019association Portes ouvertes sur l\u2019art, Paris, France<\/span><\/p><p><span style=\"color: #808080;\">\u00a0\u00a0\u00a0\u00a0\u00a0\u00a0\u00a0\u00a0\u00a0\u00a0-\u201dAbolition de l&#8217;article 153\u201d avec la galerie Hup, Kowe\u00eft.<\/span><\/p><p><span style=\"color: #808080;\">\u00a0\u00a0\u00a0\u00a0\u00a0\u00a0\u00a0\u00a0\u00a0\u00a0-\u201dHommage \u00e0 Marcel Duchamp\u201d \u00e0 l&#8217;h\u00f4tel de ville de Rouen, France.<\/span><\/p><p><span style=\"color: #808080;\">\u00a0\u00a0\u00a0\u00a0\u00a0\u00a0\u00a0\u00a0\u00a0\u00a0-\u201dCreative Energy For Peace\u201d avec les Nations Unies, New York.<\/span><\/p><p><span style=\"color: #808080;\">\u00a0\u00a0\u00a0\u00a0\u00a0\u00a0\u00a0-\u201dPerspectives des femmes artistes arabes contemporaines\u201d avec la galerie Al Markhiya dans Art 29 \u00e0 l&#8217;h\u00f4tel W, Qatar.<\/span><\/p><p><span style=\"color: #808080;\"><b>2017<\/b> -\u201dArtists Contributing To Syria&#8217;s Future\u201d une vente aux ench\u00e8res pour soutenir les aspirations syriennes en mati\u00e8re d&#8217;\u00e9ducation, Toronto, Canada<\/span><\/p><p><span style=\"color: #808080;\">\u00a0\u00a0\u00a0\u00a0\u00a0\u00a0\u00a0\u00a0\u00a0\u00a0-\u201dCollective\u201d \u00e0 Derri\u00e8re La Porte organis\u00e9e par le Groupe Nutriset , France.<\/span><\/p><p><span style=\"color: #808080;\"><b>2016<\/b> -\u201dSalon de Rouen\u201d pour les artistes normands, Rouen, France .<\/span><\/p><p><span style=\"color: #808080;\">\u00a0\u00a0\u00a0\u00a0\u00a0\u00a0\u00a0\u00a0\u00a0\u00a0-\u201dColors\u201d avec l&#8217;UNESCO, Andorre et Paris .<\/span><\/p><p><span style=\"color: #808080;\">\u00a0\u00a0\u00a0\u00a0\u00a0\u00a0\u00a0\u00a0\u00a0\u00a0-&#8220;Sans titre&#8221; de la Galerie Rafia, Duba\u00ef<\/span><\/p><p><span style=\"color: #808080;\">\u00a0\u00a0\u00a0\u00a0\u00a0\u00a0\u00a0\u00a0\u00a0\u00a0-&#8220;Voices&#8221; de la galerie Al Markhiya, Qatar<\/span><\/p><p><span style=\"color: #808080;\">\u00a0\u00a0\u00a0\u00a0\u00a0\u00a0\u00a0\u00a0\u00a0\u00a0-&#8220;Syria In The Heart&#8221; \u00e0 la galerie Nufe, Nancy, France<\/span><\/p><p><span style=\"color: #808080;\">\u00a0\u00a0\u00a0\u00a0\u00a0\u00a0\u00a0\u00a0\u00a0\u00a0-&#8220;Shared Ego&#8221; \u00e0 la Galerie Europia, Paris, France<\/span><\/p><p><span style=\"color: #808080;\"><b>2015<\/b>\u00a0 -&#8220;Syrian off Frame&#8221;, Rome, Italie<\/span><\/p><p><span style=\"color: #808080;\">\u00a0\u00a0\u00a0\u00a0\u00a0\u00a0\u00a0\u00a0\u00a0-\u201dCollective\u201d \u00e0 Regallery , Pays-Bas<\/span><\/p><p><span style=\"color: #808080;\">\u00a0\u00a0\u00a0\u00a0\u00a0\u00a0\u00a0-\u201dArtist Contributing To Syria&#8217;s Future\u201d Vente aux ench\u00e8res pour soutenir les aspirations syriennes d&#8217;\u00e9ducation &#8211; avec Jusoor &#8211; USA<\/span><\/p><p><span style=\"color: #808080;\">\u00a0\u00a0\u00a0\u00a0\u00a0\u00a0\u00a0\u00a0\u00a0-\u201dMy Voice Rings Out For Syria\u201d \u00e0 Box.Freiraum gallery , Berlin , Allemagne<\/span><\/p><p><span style=\"color: #808080;\">\u00a0\u00a0\u00a0\u00a0\u00a0\u00a0\u00a0\u00a0\u00a0-\u201dLa Quinzaine Syrienne\u201d \u00e0 la Galerie de photos , Bourges , France<\/span><\/p><p><span style=\"color: #808080;\"><b>2014 <\/b>-\u201dd&#8217;art syrien parrain\u00e9e\u201d par la Banque mondiale (Spring Meetings 2014), Washington DC, \u00c9tats-Unis<\/span><\/p><p><span style=\"color: #808080;\"><b>2013<\/b> -\u201dcollective d&#8217;\u00e9t\u00e9\u201d avec Art on 56th Galerie, Beyrouth Liban<\/span><\/p><p><span style=\"color: #808080;\"><b>2012<\/b> -\u201dlivre d&#8217;art\u201d\u00a0 au Conference Place, Aqaba, Jordanie<\/span><\/p><p><span style=\"color: #808080;\">\u00a0\u00a0\u00a0\u00a0\u00a0\u00a0\u00a0\u00a0\u00a0-\u201djeunes artistes\u201d \u00e0 Kozah Galerie, Syrie.<\/span><\/p><p><span style=\"color: #808080;\">\u00a0\u00a0\u00a0\u00a0\u00a0\u00a0\u00a0\u00a0\u00a0-collective \u00e0 Zara Galerie, Amman, Jordanie<\/span><\/p><p><span style=\"color: #808080;\">\u00a0\u00a0\u00a0\u00a0\u00a0\u00a0\u00a0\u00a0\u00a0-collective pour les artistes syriens, Orient Gallery, Jordanie<\/span><\/p><p><span style=\"color: #808080;\">\u00a0\u00a0\u00a0\u00a0\u00a0\u00a0\u00a0\u00a0\u00a0-collective, Galerie Les Plumes, Liban<\/span><\/p><p><span style=\"color: #808080;\">\u00a0\u00a0\u00a0\u00a0\u00a0\u00a0\u00a0\u00a0\u00a0-&#8220;Are united in art&#8221; \u00e0 la Maison de l&#8217;Op\u00e9ra, Damas, Syrie<\/span><\/p><p><span style=\"color: #808080;\"><b>2010<\/b> -\u201dsculpture en ciment\u201d au Centre culturel fran\u00e7ais \u00e0 Damas, Syrie<\/span><\/p><p><span style=\"color: #808080;\"><b>2009-2008<\/b> -\u201dsculpture en ciment\u201d post interstitiel au Centre culturel fran\u00e7ais de Damas, Syrie<\/span><\/p><p><span style=\"color: #808080;\"><b>2005<\/b> -\u201dFair visions Women\u201d\u00a0 Khan Assad Pacha arch\u00e9ologique sponsoris\u00e9 par le centre culturel am\u00e9ricain, Damas, Syrie<\/span><\/p><p><span style=\"color: #808080;\"><b>2003<\/b> -&#8220;Les Arabes et le monde&#8221;, Damas, Syrie<\/span><\/p><p><span style=\"color: #808080;\">\u00a0\u00a0\u00a0\u00a0\u00a0\u00a0\u00a0\u00a0\u00a0\u00a0-\u201dArtistes autour du monde\u201d,\u00a0 Alep, Syrie<\/span><\/p><p><span style=\"color: #808080;\"><b>2002<\/b> &#8211; la jeunesse, Damas,\u00a0 Syrie<\/span><\/p><p><span style=\"color: #808080;\">\u00a0\u00a0\u00a0\u00a0\u00a0\u00a0\u00a0\u00a0\u00a0\u00a0-\u201dd&#8217;art de printemps\u201d Bet Nezam ancienne maison et galerie sponsoris\u00e9e par Shell Oil, Syrie<\/span><\/p><p><span style=\"text-decoration: underline; color: #333333;\"><b>R\u00e9sidences et ateliers<\/b><\/span><\/p><p><span style=\"color: #808080;\"><b>2023-2022-2019-2018-2017 &#8211;<\/b>R\u00e9sidence au labo Victor Hugo , Rouen , France.<\/span><\/p><p><span style=\"color: #808080;\"><b>2019<\/b> -R\u00e9sidence et exposition avec l&#8217;Association Al Maken, \u00eele de Karkhaneh, Tunis<\/span><\/p><p><span style=\"color: #808080;\">\u00a0\u00a0\u00a0\u00a0\u00a0\u00a0\u00a0\u00a0\u00a0-R\u00e9sidence avec Willa Decjusza, Cracovie, Pologne<\/span><\/p><p><span style=\"color: #808080;\">\u00a0\u00a0\u00a0\u00a0\u00a0\u00a0\u00a0\u00a0\u00a0-R\u00e9sidence avec l&#8217;Association des Beaux-Arts du Qatar \u00e0 Katara, Qatar<\/span><\/p><p><span style=\"color: #808080;\"><b>2017<\/b> -Stage deux semaines de gravure aux Beaux Arts, Rouen, France<\/span><\/p><p><span style=\"color: #808080;\"><b>2016<\/b> &#8211; avec l&#8217;UNESCO, Andorre .<\/span><\/p><p><span style=\"color: #808080;\"><b>2014<\/b> &#8211; l&#8217;Art Residence Aley &#8211; Liban .<\/span><\/p><p><span style=\"color: #808080;\"><b>2011<\/b> -La Journ\u00e9e mondiale des r\u00e9fugi\u00e9s sous les auspices de la Commission europ\u00e9enne &#8211; Syrie .<\/span><\/p><p><span style=\"color: #808080;\">\u00a0\u00a0\u00a0\u00a0\u00a0\u00a0\u00a0\u00a0\u00a0-Doigts et couleurs, palais Al-Azem &#8211; Syrie .<\/span><\/p><p><span style=\"color: #808080;\"><b>2010-2009-2008<\/b> &#8211; work n art &#8211; Damas &#8211; Syrie<\/span><\/p><p><span style=\"color: #808080;\"><b>2004-2003<\/b> -Sombooziom Art Ehden &#8211; Liban.<\/span><\/p><p><span style=\"text-decoration: underline; color: #333333;\"><b>Bijoux de design<\/b><\/span><\/p><p><span style=\"color: #808080;\">Des prix du World Gold Council \u00e0 Duba\u00ef pour concevoir des bijoux en :<\/span><\/p><p><span style=\"color: #808080;\"><b>2008-2006<\/b> La deuxi\u00e8me prix mondial.<\/span><\/p><p><span style=\"color: #808080;\"><b>2004<\/b> De 30 gagnants parmi 7000 dans le monde .<\/span><\/p><\/div>\n\t\t\t\t\t\t\t<\/div>\n\t\t<\/div>\n\t\t\t\t<\/div>\n\t\t\t\t<\/div>\n\t\t\t\t\t<\/div>\n\t\t<\/div>\n\t\t\t\t\t\t\t<\/div>\n\t\t<\/section>\n\t\t\t\t\t\t<\/div>\n\t\t\t\t\t<\/div>\n\t\t","protected":false},"excerpt":{"rendered":"<p>EN FR EN Reem Yassouf is a multidisciplinary visual artist. She holds a degree in Fine Arts from the University of Damascus in Syria and worked as a jewelry designer until 2010. She left Syria in 2012 due to the<\/p>\n","protected":false},"author":1,"featured_media":0,"parent":0,"menu_order":0,"comment_status":"closed","ping_status":"closed","template":"","meta":{"pgc_sgb_lightbox_settings":""},"_links":{"self":[{"href":"https:\/\/reemyassouf.com\/index.php?rest_route=\/wp\/v2\/pages\/33"}],"collection":[{"href":"https:\/\/reemyassouf.com\/index.php?rest_route=\/wp\/v2\/pages"}],"about":[{"href":"https:\/\/reemyassouf.com\/index.php?rest_route=\/wp\/v2\/types\/page"}],"author":[{"embeddable":true,"href":"https:\/\/reemyassouf.com\/index.php?rest_route=\/wp\/v2\/users\/1"}],"replies":[{"embeddable":true,"href":"https:\/\/reemyassouf.com\/index.php?rest_route=%2Fwp%2Fv2%2Fcomments&post=33"}],"version-history":[{"count":146,"href":"https:\/\/reemyassouf.com\/index.php?rest_route=\/wp\/v2\/pages\/33\/revisions"}],"predecessor-version":[{"id":1337,"href":"https:\/\/reemyassouf.com\/index.php?rest_route=\/wp\/v2\/pages\/33\/revisions\/1337"}],"wp:attachment":[{"href":"https:\/\/reemyassouf.com\/index.php?rest_route=%2Fwp%2Fv2%2Fmedia&parent=33"}],"curies":[{"name":"wp","href":"https:\/\/api.w.org\/{rel}","templated":true}]}}